{"id":20,"date":"2015-02-07T16:23:27","date_gmt":"2015-02-07T16:23:27","guid":{"rendered":"http:\/\/retirada37.com\/?page_id=20"},"modified":"2025-06-04T02:06:38","modified_gmt":"2025-06-04T01:06:38","slug":"statuts","status":"publish","type":"page","link":"https:\/\/retirada37.com\/?page_id=20","title":{"rendered":"Statuts"},"content":{"rendered":"<p>&nbsp;<\/p>\n<h2 class=\"western\"><span style=\"font-size: large;\">Article premier\u00a0\u2013D\u00e9nomination<\/span><\/h2>\n<p class=\"western\" align=\"JUSTIFY\"><span style=\"font-family: 'Times New Roman', serif;\"><span style=\"font-size: medium;\"><span style=\"font-family: Arial, sans-serif;\"><span style=\"font-size: large;\">Il est fond\u00e9 entre les personnes physiques qui adh\u00e8rent aux pr\u00e9sents statuts une association r\u00e9gie par la loi du 1<\/span><\/span><sup><span style=\"font-family: Arial, sans-serif;\"><span style=\"font-size: large;\">er<\/span><\/span><\/sup><span style=\"font-family: Arial, sans-serif;\"><span style=\"font-size: large;\"> juillet 1901 et le d\u00e9cret du 16 ao\u00fbt 1901, modifi\u00e9e par la loi N\u00b081-909 du 9 octobre 1981 qui prend le nom de <\/span><\/span><span style=\"font-family: Arial, sans-serif;\"><span style=\"font-size: large;\"><i>Retirada 37.<\/i><\/span><\/span><\/span><\/span><\/p>\n<h2 class=\"western\"><span style=\"font-size: large;\">Article 2 \u2013 Objet \u2013Buts et Moyens<\/span><\/h2>\n<p class=\"western\" align=\"JUSTIFY\"><span style=\"font-family: 'Times New Roman', serif;\"><span style=\"font-size: medium;\"><span style=\"font-family: Arial, sans-serif;\"><span style=\"font-size: large;\">L\u2019association a pour objet de <\/span><\/span><span style=\"font-family: Arial, sans-serif;\"><span style=\"font-size: large;\"><b>\u00ab\u00a0Faire vivre les m\u00e9moires et les valeurs des R\u00e9publicains espagnols exil\u00e9s\u00a0\u00bb.<\/b><\/span><\/span> <\/span><\/span><\/p>\n<p class=\"western\" align=\"JUSTIFY\"><span style=\"font-family: Arial, sans-serif;\"><span style=\"font-size: large;\">Ses moyens d\u2019action sont\u00a0:<\/span><\/span><\/p>\n<ul>\n<li>\n<p class=\"western\" align=\"JUSTIFY\"><span style=\"font-family: Arial, sans-serif;\"><span style=\"font-size: large;\">la recherche et l\u2019\u00e9tude,<\/span><\/span><\/p>\n<\/li>\n<li>\n<p class=\"western\" align=\"JUSTIFY\"><span style=\"font-family: Arial, sans-serif;\"><span style=\"font-size: large;\">la participation \u00e0 des conf\u00e9rences, d\u00e9bats, expositions ou leur organisation,<\/span><\/span><\/p>\n<\/li>\n<li>\n<p class=\"western\" align=\"JUSTIFY\"><span style=\"font-family: Arial, sans-serif;\"><span style=\"font-size: large;\">l\u2019\u00e9ducation populaire,<\/span><\/span><\/p>\n<\/li>\n<li>\n<p class=\"western\" align=\"JUSTIFY\"><span style=\"font-family: Arial, sans-serif;\"><span style=\"font-size: large;\">la publication de travaux th\u00e9oriques, <\/span><\/span><\/p>\n<\/li>\n<li>\n<p class=\"western\" align=\"JUSTIFY\"><span style=\"font-family: Arial, sans-serif;\"><span style=\"font-size: large;\">la participation aux initiatives des associations ou groupements dont les objectifs sont en rapport avec les orientations de l\u2019association.<\/span><\/span><\/p>\n<\/li>\n<\/ul>\n<p class=\"western\"><span style=\"font-size: large;\">Elle peut d\u00e9cider d\u2019\u00e9tablir avec des personnes morales des conventions de partenariat qui fixent les objectifs et les modalit\u00e9s des participations \u00e9ventuelles de tiers \u2013 personnes physiques ou personnes morales \u2013 \u00e0 ses activit\u00e9s.<\/span><\/p>\n<p class=\"western\"><span style=\"font-size: large;\">Elle soutient la D\u00e9claration Universelle des Droits de l&rsquo;Homme.<\/span><\/p>\n<h3 class=\"western\"><span style=\"font-size: large;\"><b>Article 3 \u2013 Si\u00e8ge social<\/b><\/span><\/h3>\n<p class=\"western\" align=\"JUSTIFY\"><span style=\"font-family: 'Times New Roman', serif;\"><span style=\"font-size: medium;\"><span style=\"font-family: Arial, sans-serif;\"><span style=\"font-size: large;\"><i>Le si\u00e8ge social est fix\u00e9 au Cid-Maht,<\/i><\/span><\/span><i><b> <\/b><\/i><span style=\"color: #262626;\"><span style=\"font-family: Arial, sans-serif;\"><span style=\"font-size: large;\">Centre des Halles, Place Gaston Paillhou &#8211; 37000 &#8211; Tours.<\/span><\/span><\/span><\/span><\/span><\/p>\n<p class=\"western\"><span style=\"font-size: large;\">Il peut \u00eatre transf\u00e9r\u00e9 en tout autre lieu du d\u00e9partement d\u2019Indre et Loire par d\u00e9cision de l\u2019Assembl\u00e9e g\u00e9n\u00e9rale ordinaire.<\/span><\/p>\n<h2 class=\"western\"><span style=\"font-size: large;\">Article 4 \u2013 Composition<\/span><\/h2>\n<p class=\"western\"><span style=\"font-size: large;\">L\u2019association se compose de membres constitu\u00e9s de personnes physiques, \u00e0 jour de leurs cotisations.<\/span><\/p>\n<p class=\"western\"><span style=\"font-size: large;\">La qualit\u00e9 de membre se perd par la d\u00e9mission, le d\u00e9c\u00e8s, le non-paiement de cotisation ainsi que par la radiation laquelle ne peut \u00eatre prononc\u00e9e que par le Conseil d\u2019administration. <\/span><\/p>\n<p class=\"western\"><span style=\"font-size: large;\">Tout refus d\u2019admission et toute radiation peuvent \u00eatre soumis par l\u2019int\u00e9ress\u00e9(e) \u00e0 l\u2019Assembl\u00e9e g\u00e9n\u00e9rale.<\/span><\/p>\n<p class=\"western\"><span style=\"font-size: large;\"><span style=\"text-decoration: underline;\"><b>Article 5 \u2013 Ressources<\/b><\/span><\/span><\/p>\n<p class=\"western\" align=\"JUSTIFY\"><span style=\"font-family: Arial, sans-serif;\"><span style=\"font-size: large;\">Les ressources de l\u2019association sont constitu\u00e9es par\u00a0:<\/span><\/span><\/p>\n<ul>\n<li>\n<p class=\"western\" align=\"JUSTIFY\"><span style=\"font-family: Arial, sans-serif;\"><span style=\"font-size: large;\">le montant des cotisations annuelles fix\u00e9es par l\u2019Assembl\u00e9e g\u00e9n\u00e9rale,<\/span><\/span><\/p>\n<\/li>\n<li>\n<p class=\"western\" align=\"JUSTIFY\"><span style=\"font-family: Arial, sans-serif;\"><span style=\"font-size: large;\">le produit des ressources li\u00e9es aux activit\u00e9s de l\u2019association,<\/span><\/span><\/p>\n<\/li>\n<li>\n<p class=\"western\" align=\"JUSTIFY\"><span style=\"font-family: Arial, sans-serif;\"><span style=\"font-size: large;\">les contributions de partenaires ainsi que de toutes personnes physiques ou morales,<\/span><\/span><\/p>\n<\/li>\n<li>\n<p class=\"western\" align=\"JUSTIFY\"><span style=\"font-family: Arial, sans-serif;\"><span style=\"font-size: large;\">les subventions d\u2019institutions publiques ou de collectivit\u00e9s,<\/span><\/span><\/p>\n<\/li>\n<li>\n<p class=\"western\" align=\"JUSTIFY\"><a name=\"_GoBack\"><\/a><span style=\"font-family: Arial, sans-serif;\"><span style=\"font-size: large;\">toutes autres ressources, y compris dons et legs, approuv\u00e9es par le Conseil d\u2019administration.<\/span><\/span><\/p>\n<\/li>\n<\/ul>\n<h1 class=\"western\" align=\"JUSTIFY\"><span style=\"font-family: Arial, sans-serif;\"><span style=\"font-size: large;\">Article 6 \u2013 Assembl\u00e9es g\u00e9n\u00e9rales<\/span><\/span><\/h1>\n<p class=\"western\" align=\"JUSTIFY\"><span style=\"font-family: Arial, sans-serif;\"><span style=\"font-size: large;\">Les Assembl\u00e9es g\u00e9n\u00e9rales se composent de tous les membres de l\u2019association \u00e0 jour de leurs cotisations. <\/span><\/span><\/p>\n<p class=\"western\" align=\"JUSTIFY\"><span style=\"font-family: Arial, sans-serif;\"><span style=\"font-size: large;\">Elles sont convoqu\u00e9es quinze jours au moins \u00e0 l\u2019avance, par courriel ou par voie postale. L\u2019ordre du jour est indiqu\u00e9 sur la convocation. <\/span><\/span><\/p>\n<p class=\"western\" align=\"JUSTIFY\"><span style=\"font-family: 'Times New Roman', serif;\"><span style=\"font-size: medium;\"><span style=\"font-family: Arial, sans-serif;\"><span style=\"font-size: large;\"><b>6<\/b><\/span><\/span><span style=\"font-family: Arial, sans-serif;\"><span style=\"font-size: large;\"><span style=\"text-decoration: underline;\"><b> a \u2013 Assembl\u00e9e g\u00e9n\u00e9rale ordinaire<\/b><\/span><\/span><\/span><\/span><\/span><\/p>\n<p class=\"western\" align=\"JUSTIFY\"><span style=\"font-family: Arial, sans-serif;\"><span style=\"font-size: large;\">L\u2019Assembl\u00e9e g\u00e9n\u00e9rale ordinaire annuelle entend le rapport d\u2019activit\u00e9 du Pr\u00e9sident et le rapport du Tr\u00e9sorier. <\/span><\/span><\/p>\n<p class=\"western\" align=\"JUSTIFY\"><span style=\"font-family: Arial, sans-serif;\"><span style=\"font-size: large;\">Elle \u00e9met un vote sur chacun de rapports. <\/span><\/span><\/p>\n<p class=\"western\" align=\"JUSTIFY\"><span style=\"font-family: Arial, sans-serif;\"><span style=\"font-size: large;\">Elle d\u00e9bat des orientations de l\u2019association et fixe le budget pr\u00e9visionnel de l\u2019exercice. <\/span><\/span><\/p>\n<p class=\"western\" align=\"JUSTIFY\"><span style=\"font-family: Arial, sans-serif;\"><span style=\"font-size: large;\">Elle a comp\u00e9tence pour statuer sur toutes les questions inscrites \u00e0 l\u2019ordre du jour. <\/span><\/span><\/p>\n<p class=\"western\" align=\"JUSTIFY\"><span style=\"font-family: Arial, sans-serif;\"><span style=\"font-size: large;\">Elle \u00e9lit pour un an un Conseil d\u2019administration dont les membres sont r\u00e9\u00e9ligibles. <\/span><\/span><\/p>\n<p class=\"western\" align=\"JUSTIFY\"><span style=\"font-family: 'Times New Roman', serif;\"><span style=\"font-size: medium;\"><span style=\"font-family: Arial, sans-serif;\"><span style=\"font-size: large;\">Les votes ont lieu \u00e0 la majorit\u00e9 des pr\u00e9sents<\/span><\/span><span style=\"font-family: Arial, sans-serif;\"><span style=\"font-size: large;\"><i><b>.<\/b><\/i><\/span><\/span><\/span><\/span><\/p>\n<p class=\"western\" align=\"JUSTIFY\"><span style=\"font-family: Arial, sans-serif;\"><span style=\"font-size: large;\">L\u2019Assembl\u00e9e g\u00e9n\u00e9rale ordinaire a pouvoir d\u2019\u00e9tablir un R\u00e8glement int\u00e9rieur de l&rsquo;association.<\/span><\/span><\/p>\n<p class=\"western\" align=\"JUSTIFY\"><span style=\"font-family: Arial, sans-serif;\"><span style=\"font-size: large;\">Les comptes de l\u2019association sont tenus \u00e0 la disposition de chaque adh\u00e9rent(e).<\/span><\/span><\/p>\n<p class=\"western\" align=\"JUSTIFY\"><span style=\"font-family: Arial, sans-serif;\"><span style=\"font-size: large;\"><span style=\"text-decoration: underline;\"><b>6 b &#8211; Assembl\u00e9e g\u00e9n\u00e9rale extraordinaire<\/b><\/span><\/span><\/span><\/p>\n<p class=\"western\" align=\"JUSTIFY\"><span style=\"font-family: Arial, sans-serif;\"><span style=\"font-size: large;\">L\u2019Assembl\u00e9e g\u00e9n\u00e9rale extraordinaire est seule habilit\u00e9e \u00e0 d\u00e9cider de la modification des statuts, de la dissolution de l\u2019association et de la fusion avec toute autre association. <\/span><\/span><\/p>\n<p class=\"western\" align=\"JUSTIFY\"><span style=\"font-family: Arial, sans-serif;\"><span style=\"font-size: large;\">Elle se r\u00e9unit sur proposition du Conseil d\u2019administration ou \u00e0 la demande d\u2019un dixi\u00e8me de ses membres, par convocation envoy\u00e9e au moins quinze jours \u00e0 l\u2019avance, par courriel ou par voie postale. <\/span><\/span><\/p>\n<p class=\"western\" align=\"JUSTIFY\"><span style=\"font-family: Arial, sans-serif;\"><span style=\"font-size: large;\">Elle statue \u00e0 la majorit\u00e9 des deux tiers des membres pr\u00e9sents repr\u00e9sentant la moiti\u00e9 au moins des membres de l\u2019association. <\/span><\/span><\/p>\n<p class=\"western\" align=\"JUSTIFY\"><span style=\"font-family: Arial, sans-serif;\"><span style=\"font-size: large;\">Si cette derni\u00e8re condition n\u2019est pas r\u00e9unie, une autre Assembl\u00e9e g\u00e9n\u00e9rale extraordinaire est convoqu\u00e9e dans un d\u00e9lai maximum de trois semaines\u00a0; elle statue alors \u00e0 la majorit\u00e9 des deux tiers des membres pr\u00e9sent(e)s.<\/span><\/span><\/p>\n<h3 class=\"western\"><span style=\"font-size: large;\"><b>Article 7 \u2013 Le Conseil d\u2019administration<\/b><\/span><\/h3>\n<p class=\"western\" align=\"JUSTIFY\"><span style=\"font-family: Arial, sans-serif;\"><span style=\"font-size: large;\">Le Conseil d\u2019administration dont le nombre de membres doit \u00eatre inf\u00e9rieur \u00e0 la moiti\u00e9 du nombre d\u2019adh\u00e9rents peut faire ou autoriser tous les actes qui ne sont pas du domaine de l\u2019Assembl\u00e9e g\u00e9n\u00e9rale.<\/span><\/span><\/p>\n<p class=\"western\" align=\"JUSTIFY\"><span style=\"font-family: Arial, sans-serif;\"><span style=\"font-size: large;\">Il \u00e9lit en son sein un Bureau dont le nombre doit \u00eatre inf\u00e9rieur \u00e0 la moiti\u00e9 de ceux du Conseil d\u2019administration et comprenant au\u00a0moins un(e) pr\u00e9sident(e), vice-pr\u00e9sident(e),un(e) secr\u00e9taire, secr\u00e9taire-adjoint(e) et un(e) tr\u00e9sorier(\u00e8re)., tr\u00e9sori\u00e8re-adjoint(e).<\/span><\/span><\/p>\n<p class=\"western\" align=\"JUSTIFY\"><span style=\"font-family: Arial, sans-serif;\"><span style=\"font-size: large;\">Les membres du bureau seront r\u00e9\u00e9ligibles pour deux mandats suppl\u00e9mentaires et ne pourront se repr\u00e9senter au m\u00eame poste avant un d\u00e9lai de trois ans.<\/span><\/span><\/p>\n<p class=\"western\" align=\"JUSTIFY\"><span style=\"font-family: Arial, sans-serif;\"><span style=\"font-size: large;\">Les r\u00e9unions du CA seront propos\u00e9es \u00e0 tous les adh\u00e9rent(e)s, \u00e0 jour de leurs cotisations, qui pourront prendre part aux d\u00e9bats et recevront les Comptes rendus. Seuls les membres du CA pourront voter.<\/span><\/span><\/p>\n<p class=\"western\" align=\"JUSTIFY\"><span style=\"font-family: Arial, sans-serif;\"><span style=\"font-size: large;\">Il convoque les Assembl\u00e9es g\u00e9n\u00e9rales et se r\u00e9unit au moins une fois par trimestre sur convocation du (ou de la) pr\u00e9sident(e) ou si un tiers de ses membres l\u2019estime n\u00e9cessaire. <\/span><\/span><\/p>\n<h3 class=\"western\"><span style=\"font-size: large;\"><b>Article 8 \u2013 Le Bureau<\/b><\/span><\/h3>\n<p class=\"western\" align=\"JUSTIFY\"><span style=\"font-family: Arial, sans-serif;\"><span style=\"font-size: large;\">Le(ou la) pr\u00e9sident(e), sauf d\u00e9cision contraire du Conseil d\u2019administration, repr\u00e9sente l\u2019association dans tous les actes de la vie civile.<\/span><\/span><\/p>\n<p class=\"western\" align=\"JUSTIFY\"><span style=\"font-family: Arial, sans-serif;\"><span style=\"font-size: large;\">Il (elle) a notamment qualit\u00e9 pour ester en justice au nom de l\u2019association tant en demande qu\u2019en d\u00e9fense. <\/span><\/span><\/p>\n<p class=\"western\" align=\"JUSTIFY\"><span style=\"font-family: Arial, sans-serif;\"><span style=\"font-size: large;\">Le (la) secr\u00e9taire assiste le pr\u00e9sident et organise le travail du bureau. <\/span><\/span><\/p>\n<p class=\"western\" align=\"JUSTIFY\"><span style=\"font-family: Arial, sans-serif;\"><span style=\"font-size: large;\">Le (la) tr\u00e9sorier(\u00e8re) tient les comptes et re\u00e7oit d\u00e9l\u00e9gation du pr\u00e9sident pour les d\u00e9penses et op\u00e9rations bancaires.<\/span><\/span><\/p>\n<h2 class=\"western\"><span style=\"font-size: large;\">Article 9 \u2013 Dissolution<\/span><\/h2>\n<p class=\"western\" align=\"JUSTIFY\"><span style=\"font-family: 'Times New Roman', serif;\"><span style=\"font-size: medium;\"><span style=\"font-family: Arial, sans-serif;\"><span style=\"font-size: large;\">En cas de dissolution, l\u2019Assembl\u00e9e g\u00e9n\u00e9rale extraordinaire nomme un ou plusieurs liquidateurs et l\u2019actif \u00e9ventuel est d\u00e9volu conform\u00e9ment \u00e0 l\u2019article 9 de la loi du 1<\/span><\/span><sup><span style=\"font-family: Arial, sans-serif;\"><span style=\"font-size: large;\">er<\/span><\/span><\/sup><span style=\"font-family: Arial, sans-serif;\"><span style=\"font-size: large;\"> juillet 1901 et au d\u00e9cret du 6 ao\u00fbt 1901.<\/span><\/span><\/span><\/span><\/p>\n<h2 class=\"western\"><span style=\"font-size: large;\">Article 10 \u2013 Contestation<\/span><\/h2>\n<p class=\"western\"><span style=\"font-size: large;\">Le tribunal comp\u00e9tent pour toute action concernant l\u2019association est celui du domicile de son si\u00e8ge.<\/span><\/p>\n","protected":false},"excerpt":{"rendered":"<p>&nbsp; Article premier\u00a0\u2013D\u00e9nomination Il est fond\u00e9 entre les personnes physiques qui adh\u00e8rent aux pr\u00e9sents statuts une association r\u00e9gie par la loi du 1er juillet 1901 et le d\u00e9cret du 16 ao\u00fbt 1901, modifi\u00e9e par la loi N\u00b081-909 du 9 octobre 1981 qui prend le nom de Retirada 37. Article 2 \u2013 Objet \u2013Buts et Moyens &hellip; <a href=\"https:\/\/retirada37.com\/?page_id=20\" class=\"more-link\">Continuer la lecture de <span class=\"screen-reader-text\">Statuts<\/span>  <span class=\"meta-nav\">&rarr;<\/span><\/a><\/p>\n","protected":false},"author":2,"featured_media":0,"parent":0,"menu_order":0,"comment_status":"closed","ping_status":"open","template":"","meta":{"_bbp_topic_count":0,"_bbp_reply_count":0,"_bbp_total_topic_count":0,"_bbp_total_reply_count":0,"_bbp_voice_count":0,"_bbp_anonymous_reply_count":0,"_bbp_topic_count_hidden":0,"_bbp_reply_count_hidden":0,"_bbp_forum_subforum_count":0,"footnotes":""},"class_list":["post-20","page","type-page","status-publish","hentry"],"_links":{"self":[{"href":"https:\/\/retirada37.com\/index.php?rest_route=\/wp\/v2\/pages\/20","targetHints":{"allow":["GET"]}}],"collection":[{"href":"https:\/\/retirada37.com\/index.php?rest_route=\/wp\/v2\/pages"}],"about":[{"href":"https:\/\/retirada37.com\/index.php?rest_route=\/wp\/v2\/types\/page"}],"author":[{"embeddable":true,"href":"https:\/\/retirada37.com\/index.php?rest_route=\/wp\/v2\/users\/2"}],"replies":[{"embeddable":true,"href":"https:\/\/retirada37.com\/index.php?rest_route=%2Fwp%2Fv2%2Fcomments&post=20"}],"version-history":[{"count":1,"href":"https:\/\/retirada37.com\/index.php?rest_route=\/wp\/v2\/pages\/20\/revisions"}],"predecessor-version":[{"id":21,"href":"https:\/\/retirada37.com\/index.php?rest_route=\/wp\/v2\/pages\/20\/revisions\/21"}],"wp:attachment":[{"href":"https:\/\/retirada37.com\/index.php?rest_route=%2Fwp%2Fv2%2Fmedia&parent=20"}],"curies":[{"name":"wp","href":"https:\/\/api.w.org\/{rel}","templated":true}]}}